{"id":176,"date":"2023-12-15T10:45:23","date_gmt":"2023-12-15T10:45:23","guid":{"rendered":"https:\/\/siteunidos.eu\/icpaglieta\/?page_id=176"},"modified":"2026-01-28T12:54:12","modified_gmt":"2026-01-28T12:54:12","slug":"offerta-formativa","status":"publish","type":"page","link":"https:\/\/www.icpaglieta.edu.it\/site\/didattica\/offerta-formativa\/","title":{"rendered":"Offerta formativa"},"content":{"rendered":"\t\t<div data-elementor-type=\"wp-page\" data-elementor-id=\"176\" class=\"elementor elementor-176\" data-elementor-post-type=\"page\">\n\t\t\t\t<div class=\"has_eae_slider elementor-element elementor-element-5915989 e-flex e-con-boxed wpr-particle-no wpr-jarallax-no wpr-parallax-no wpr-sticky-section-no wpr-equal-height-no e-con e-parent\" data-eae-slider=\"35890\" data-id=\"5915989\" data-element_type=\"container\" data-e-type=\"container\">\n\t\t\t\t\t<div class=\"e-con-inner\">\n\t\t<div class=\"has_eae_slider elementor-element elementor-element-d0befcc e-con-full e-flex wpr-particle-no wpr-jarallax-no wpr-parallax-no wpr-sticky-section-no wpr-equal-height-no e-con e-child\" data-eae-slider=\"88704\" data-id=\"d0befcc\" data-element_type=\"container\" data-e-type=\"container\">\n\t\t<div class=\"has_eae_slider elementor-element elementor-element-37edcd7 e-flex e-con-boxed wpr-particle-no wpr-jarallax-no wpr-parallax-no wpr-sticky-section-no wpr-equal-height-no e-con e-child\" data-eae-slider=\"19618\" data-id=\"37edcd7\" data-element_type=\"container\" data-e-type=\"container\" data-settings=\"{&quot;sticky&quot;:&quot;top&quot;,&quot;sticky_on&quot;:[&quot;desktop&quot;],&quot;sticky_parent&quot;:&quot;yes&quot;,&quot;sticky_offset&quot;:0,&quot;sticky_effects_offset&quot;:0,&quot;sticky_anchor_link_offset&quot;:0}\">\n\t\t\t\t\t<div class=\"e-con-inner\">\n\t\t\t\t<div class=\"elementor-element elementor-element-920f2ae elementor-widget elementor-widget-heading\" data-id=\"920f2ae\" data-element_type=\"widget\" data-e-type=\"widget\" data-widget_type=\"heading.default\">\n\t\t\t\t<div class=\"elementor-widget-container\">\n\t\t\t\t\t<h2 class=\"elementor-heading-title elementor-size-default\">Offerta formativa<\/h2>\t\t\t\t<\/div>\n\t\t\t\t<\/div>\n\t\t\t\t<div class=\"elementor-element elementor-element-4f1105d elementor-widget elementor-widget-heading\" data-id=\"4f1105d\" data-element_type=\"widget\" data-e-type=\"widget\" data-widget_type=\"heading.default\">\n\t\t\t\t<div class=\"elementor-widget-container\">\n\t\t\t\t\t<h2 class=\"elementor-heading-title elementor-size-default\"><a href=\"#ptof\">Piano Triennale Offerta Formativa<\/a><\/h2>\t\t\t\t<\/div>\n\t\t\t\t<\/div>\n\t\t\t\t<div class=\"elementor-element elementor-element-1781919 elementor-widget elementor-widget-heading\" data-id=\"1781919\" data-element_type=\"widget\" data-e-type=\"widget\" data-widget_type=\"heading.default\">\n\t\t\t\t<div class=\"elementor-widget-container\">\n\t\t\t\t\t<h2 class=\"elementor-heading-title elementor-size-default\"><a href=\"#atto\">Atto di indirizzo<\/a><\/h2>\t\t\t\t<\/div>\n\t\t\t\t<\/div>\n\t\t\t\t<div class=\"elementor-element elementor-element-bba2a9c elementor-widget elementor-widget-heading\" data-id=\"bba2a9c\" data-element_type=\"widget\" data-e-type=\"widget\" data-widget_type=\"heading.default\">\n\t\t\t\t<div class=\"elementor-widget-container\">\n\t\t\t\t\t<h2 class=\"elementor-heading-title elementor-size-default\"><a href=\"#annuale\">Piano annuale delle attivit\u00e0<\/a><\/h2>\t\t\t\t<\/div>\n\t\t\t\t<\/div>\n\t\t\t\t<div class=\"elementor-element elementor-element-fcfbe26 elementor-widget elementor-widget-heading\" data-id=\"fcfbe26\" data-element_type=\"widget\" data-e-type=\"widget\" data-widget_type=\"heading.default\">\n\t\t\t\t<div class=\"elementor-widget-container\">\n\t\t\t\t\t<h2 class=\"elementor-heading-title elementor-size-default\"><a href=\"#bes\">Bisogni educativi speciali (BES)<\/a><\/h2>\t\t\t\t<\/div>\n\t\t\t\t<\/div>\n\t\t\t\t\t<\/div>\n\t\t\t\t<\/div>\n\t\t\t\t<\/div>\n\t\t<div class=\"has_eae_slider elementor-element elementor-element-7806e1a e-con-full e-flex wpr-particle-no wpr-jarallax-no wpr-parallax-no wpr-sticky-section-no wpr-equal-height-no e-con e-child\" data-eae-slider=\"48770\" data-id=\"7806e1a\" data-element_type=\"container\" data-e-type=\"container\">\n\t\t\t\t<div class=\"elementor-element elementor-element-48d0c31 elementor-widget elementor-widget-heading\" data-id=\"48d0c31\" data-element_type=\"widget\" data-e-type=\"widget\" id=\"ptof\" data-widget_type=\"heading.default\">\n\t\t\t\t<div class=\"elementor-widget-container\">\n\t\t\t\t\t<h2 class=\"elementor-heading-title elementor-size-default\">Piano Triennale Offerta Formativa<\/h2>\t\t\t\t<\/div>\n\t\t\t\t<\/div>\n\t\t\t\t<div class=\"elementor-element elementor-element-d198bbc elementor-widget elementor-widget-text-editor\" data-id=\"d198bbc\" data-element_type=\"widget\" data-e-type=\"widget\" data-widget_type=\"text-editor.default\">\n\t\t\t\t<div class=\"elementor-widget-container\">\n\t\t\t\t\t\t\t\t\t<p>Il Piano Triennale dell\u2019Offerta Formativa (P.T.O.F.) \u00e8 il documento programmatico e informativo pi\u00f9 importante di un istituto. Esso esplicita l\u2019intenzionalit\u00e0 educativa e formativa dell\u2019Istituto, attraverso le risorse (umane, professionali, territoriali, tecnologiche ed economiche) che ha a disposizione, valorizzandole al meglio per conseguire una proficua sinergia con utenti e territorio.<\/p><p>La Legge 107\/2015 di Riforma del sistema nazionale di istruzione e formazione ha ridefinito la durata e le modalit\u00e0 di stesura e approvazione del Piano, che \u00e8 elaborato dal Collegio dei Docenti sulla base degli indirizzi per le attivit\u00e0 della scuola e delle scelte di gestione e di amministrazione definiti dal Dirigente Scolastico (Linee di Indirizzo) e successivamente approvato dal Consiglio d\u2019Istituto.<\/p><p>Il PTOF risulta quindi essere un documento articolato con una funzione anche organizzativa ed amministrativa, che va oltre la tradizionale informazione sull\u2019identit\u00e0 culturale e progettuale della scuola.<\/p><p>La sua stesura parte \u00e8 il risultato di un processo che parte dall\u2019analisi dei dati del RAV (Rapporto di autovalutazione di Istituto) e dalla conseguente individuazione dei punti di forza e di debolezza della scuola, definendo successivamente gli obiettivi prioritari dell\u2019Istituto. A valle di questo processo si delinea quindi un percorso progettuale su base triennale del curricolo, dei progetti didattici, dell\u2019offerta extracurricolare, definendo anche i rapporti con altri Enti ed Istituzioni del territorio che possano concorrere allo sviluppo del piano, oltre alle modalit\u00e0 organizzative pi\u00f9 idonee e alla richiesta dei docenti necessari al pieno raggiungimento degli obiettivi in base alla normativa sull\u2019organico funzionale.<\/p>\t\t\t\t\t\t\t\t<\/div>\n\t\t\t\t<\/div>\n\t\t\t\t<div class=\"elementor-element elementor-element-2b40363 elementor-position-inline-start elementor-view-default elementor-mobile-position-block-start elementor-widget elementor-widget-icon-box\" data-id=\"2b40363\" data-element_type=\"widget\" data-e-type=\"widget\" data-widget_type=\"icon-box.default\">\n\t\t\t\t<div class=\"elementor-widget-container\">\n\t\t\t\t\t\t\t<div class=\"elementor-icon-box-wrapper\">\n\n\t\t\t\t\t\t<div class=\"elementor-icon-box-icon\">\n\t\t\t\t<a href=\"https:\/\/www.icpaglieta.edu.it\/site\/wp-content\/uploads\/2026\/01\/CHIC809006-202528-202526-20260112.zip\" target=\"_blank\" class=\"elementor-icon\" tabindex=\"-1\" aria-label=\" PTOF 2025-2028\">\n\t\t\t\t<svg aria-hidden=\"true\" class=\"e-font-icon-svg e-fas-file-pdf\" viewBox=\"0 0 384 512\" xmlns=\"http:\/\/www.w3.org\/2000\/svg\"><path d=\"M181.9 256.1c-5-16-4.9-46.9-2-46.9 8.4 0 7.6 36.9 2 46.9zm-1.7 47.2c-7.7 20.2-17.3 43.3-28.4 62.7 18.3-7 39-17.2 62.9-21.9-12.7-9.6-24.9-23.4-34.5-40.8zM86.1 428.1c0 .8 13.2-5.4 34.9-40.2-6.7 6.3-29.1 24.5-34.9 40.2zM248 160h136v328c0 13.3-10.7 24-24 24H24c-13.3 0-24-10.7-24-24V24C0 10.7 10.7 0 24 0h200v136c0 13.2 10.8 24 24 24zm-8 171.8c-20-12.2-33.3-29-42.7-53.8 4.5-18.5 11.6-46.6 6.2-64.2-4.7-29.4-42.4-26.5-47.8-6.8-5 18.3-.4 44.1 8.1 77-11.6 27.6-28.7 64.6-40.8 85.8-.1 0-.1.1-.2.1-27.1 13.9-73.6 44.5-54.5 68 5.6 6.9 16 10 21.5 10 17.9 0 35.7-18 61.1-61.8 25.8-8.5 54.1-19.1 79-23.2 21.7 11.8 47.1 19.5 64 19.5 29.2 0 31.2-32 19.7-43.4-13.9-13.6-54.3-9.7-73.6-7.2zM377 105L279 7c-4.5-4.5-10.6-7-17-7h-6v128h128v-6.1c0-6.3-2.5-12.4-7-16.9zm-74.1 255.3c4.1-2.7-2.5-11.9-42.8-9 37.1 15.8 42.8 9 42.8 9z\"><\/path><\/svg>\t\t\t\t<\/a>\n\t\t\t<\/div>\n\t\t\t\n\t\t\t\t\t\t<div class=\"elementor-icon-box-content\">\n\n\t\t\t\t\t\t\t\t\t<h3 class=\"elementor-icon-box-title\">\n\t\t\t\t\t\t<a href=\"https:\/\/www.icpaglieta.edu.it\/site\/wp-content\/uploads\/2026\/01\/CHIC809006-202528-202526-20260112.zip\" target=\"_blank\" >\n\t\t\t\t\t\t\t PTOF 2025-2028\t\t\t\t\t\t<\/a>\n\t\t\t\t\t<\/h3>\n\t\t\t\t\n\t\t\t\t\n\t\t\t<\/div>\n\t\t\t\n\t\t<\/div>\n\t\t\t\t\t\t<\/div>\n\t\t\t\t<\/div>\n\t\t\t\t<div class=\"elementor-element elementor-element-3db0f69 elementor-position-inline-start elementor-view-default elementor-mobile-position-block-start elementor-widget elementor-widget-icon-box\" data-id=\"3db0f69\" data-element_type=\"widget\" data-e-type=\"widget\" data-widget_type=\"icon-box.default\">\n\t\t\t\t<div class=\"elementor-widget-container\">\n\t\t\t\t\t\t\t<div class=\"elementor-icon-box-wrapper\">\n\n\t\t\t\t\t\t<div class=\"elementor-icon-box-icon\">\n\t\t\t\t<a href=\"https:\/\/www.icpaglieta.edu.it\/site\/wp-content\/uploads\/2026\/01\/RendicontazioneSociale_CHIC809006__202526-1.zip\" target=\"_blank\" class=\"elementor-icon\" tabindex=\"-1\" aria-label=\"Rendicontazione Sociale\">\n\t\t\t\t<svg aria-hidden=\"true\" class=\"e-font-icon-svg e-fas-file-pdf\" viewBox=\"0 0 384 512\" xmlns=\"http:\/\/www.w3.org\/2000\/svg\"><path d=\"M181.9 256.1c-5-16-4.9-46.9-2-46.9 8.4 0 7.6 36.9 2 46.9zm-1.7 47.2c-7.7 20.2-17.3 43.3-28.4 62.7 18.3-7 39-17.2 62.9-21.9-12.7-9.6-24.9-23.4-34.5-40.8zM86.1 428.1c0 .8 13.2-5.4 34.9-40.2-6.7 6.3-29.1 24.5-34.9 40.2zM248 160h136v328c0 13.3-10.7 24-24 24H24c-13.3 0-24-10.7-24-24V24C0 10.7 10.7 0 24 0h200v136c0 13.2 10.8 24 24 24zm-8 171.8c-20-12.2-33.3-29-42.7-53.8 4.5-18.5 11.6-46.6 6.2-64.2-4.7-29.4-42.4-26.5-47.8-6.8-5 18.3-.4 44.1 8.1 77-11.6 27.6-28.7 64.6-40.8 85.8-.1 0-.1.1-.2.1-27.1 13.9-73.6 44.5-54.5 68 5.6 6.9 16 10 21.5 10 17.9 0 35.7-18 61.1-61.8 25.8-8.5 54.1-19.1 79-23.2 21.7 11.8 47.1 19.5 64 19.5 29.2 0 31.2-32 19.7-43.4-13.9-13.6-54.3-9.7-73.6-7.2zM377 105L279 7c-4.5-4.5-10.6-7-17-7h-6v128h128v-6.1c0-6.3-2.5-12.4-7-16.9zm-74.1 255.3c4.1-2.7-2.5-11.9-42.8-9 37.1 15.8 42.8 9 42.8 9z\"><\/path><\/svg>\t\t\t\t<\/a>\n\t\t\t<\/div>\n\t\t\t\n\t\t\t\t\t\t<div class=\"elementor-icon-box-content\">\n\n\t\t\t\t\t\t\t\t\t<h3 class=\"elementor-icon-box-title\">\n\t\t\t\t\t\t<a href=\"https:\/\/www.icpaglieta.edu.it\/site\/wp-content\/uploads\/2026\/01\/RendicontazioneSociale_CHIC809006__202526-1.zip\" target=\"_blank\" >\n\t\t\t\t\t\t\tRendicontazione Sociale\t\t\t\t\t\t<\/a>\n\t\t\t\t\t<\/h3>\n\t\t\t\t\n\t\t\t\t\n\t\t\t<\/div>\n\t\t\t\n\t\t<\/div>\n\t\t\t\t\t\t<\/div>\n\t\t\t\t<\/div>\n\t\t\t\t<div class=\"elementor-element elementor-element-2fc1565 elementor-position-inline-start elementor-view-default elementor-mobile-position-block-start elementor-widget elementor-widget-icon-box\" data-id=\"2fc1565\" data-element_type=\"widget\" data-e-type=\"widget\" data-widget_type=\"icon-box.default\">\n\t\t\t\t<div class=\"elementor-widget-container\">\n\t\t\t\t\t\t\t<div class=\"elementor-icon-box-wrapper\">\n\n\t\t\t\t\t\t<div class=\"elementor-icon-box-icon\">\n\t\t\t\t<a href=\"https:\/\/www.icpaglieta.edu.it\/site\/wp-content\/uploads\/2026\/01\/SNV_DatiPubblicati_202526_CHIC809006-1-1.zip\" target=\"_blank\" class=\"elementor-icon\" tabindex=\"-1\" aria-label=\"RAV\">\n\t\t\t\t<svg aria-hidden=\"true\" class=\"e-font-icon-svg e-fas-file-pdf\" viewBox=\"0 0 384 512\" xmlns=\"http:\/\/www.w3.org\/2000\/svg\"><path d=\"M181.9 256.1c-5-16-4.9-46.9-2-46.9 8.4 0 7.6 36.9 2 46.9zm-1.7 47.2c-7.7 20.2-17.3 43.3-28.4 62.7 18.3-7 39-17.2 62.9-21.9-12.7-9.6-24.9-23.4-34.5-40.8zM86.1 428.1c0 .8 13.2-5.4 34.9-40.2-6.7 6.3-29.1 24.5-34.9 40.2zM248 160h136v328c0 13.3-10.7 24-24 24H24c-13.3 0-24-10.7-24-24V24C0 10.7 10.7 0 24 0h200v136c0 13.2 10.8 24 24 24zm-8 171.8c-20-12.2-33.3-29-42.7-53.8 4.5-18.5 11.6-46.6 6.2-64.2-4.7-29.4-42.4-26.5-47.8-6.8-5 18.3-.4 44.1 8.1 77-11.6 27.6-28.7 64.6-40.8 85.8-.1 0-.1.1-.2.1-27.1 13.9-73.6 44.5-54.5 68 5.6 6.9 16 10 21.5 10 17.9 0 35.7-18 61.1-61.8 25.8-8.5 54.1-19.1 79-23.2 21.7 11.8 47.1 19.5 64 19.5 29.2 0 31.2-32 19.7-43.4-13.9-13.6-54.3-9.7-73.6-7.2zM377 105L279 7c-4.5-4.5-10.6-7-17-7h-6v128h128v-6.1c0-6.3-2.5-12.4-7-16.9zm-74.1 255.3c4.1-2.7-2.5-11.9-42.8-9 37.1 15.8 42.8 9 42.8 9z\"><\/path><\/svg>\t\t\t\t<\/a>\n\t\t\t<\/div>\n\t\t\t\n\t\t\t\t\t\t<div class=\"elementor-icon-box-content\">\n\n\t\t\t\t\t\t\t\t\t<h3 class=\"elementor-icon-box-title\">\n\t\t\t\t\t\t<a href=\"https:\/\/www.icpaglieta.edu.it\/site\/wp-content\/uploads\/2026\/01\/SNV_DatiPubblicati_202526_CHIC809006-1-1.zip\" target=\"_blank\" >\n\t\t\t\t\t\t\tRAV\t\t\t\t\t\t<\/a>\n\t\t\t\t\t<\/h3>\n\t\t\t\t\n\t\t\t\t\n\t\t\t<\/div>\n\t\t\t\n\t\t<\/div>\n\t\t\t\t\t\t<\/div>\n\t\t\t\t<\/div>\n\t\t\t\t<div class=\"elementor-element elementor-element-3d95dcb elementor-widget-divider--view-line elementor-widget elementor-widget-divider\" data-id=\"3d95dcb\" data-element_type=\"widget\" data-e-type=\"widget\" data-widget_type=\"divider.default\">\n\t\t\t\t<div class=\"elementor-widget-container\">\n\t\t\t\t\t\t\t<div class=\"elementor-divider\">\n\t\t\t<span class=\"elementor-divider-separator\">\n\t\t\t\t\t\t<\/span>\n\t\t<\/div>\n\t\t\t\t\t\t<\/div>\n\t\t\t\t<\/div>\n\t\t\t\t<div class=\"elementor-element elementor-element-abd4b57 elementor-widget elementor-widget-heading\" data-id=\"abd4b57\" data-element_type=\"widget\" data-e-type=\"widget\" id=\"atto\" data-widget_type=\"heading.default\">\n\t\t\t\t<div class=\"elementor-widget-container\">\n\t\t\t\t\t<h2 class=\"elementor-heading-title elementor-size-default\">Atto di indirizzo<\/h2>\t\t\t\t<\/div>\n\t\t\t\t<\/div>\n\t\t\t\t<div class=\"elementor-element elementor-element-8e847fc elementor-widget elementor-widget-text-editor\" data-id=\"8e847fc\" data-element_type=\"widget\" data-e-type=\"widget\" data-widget_type=\"text-editor.default\">\n\t\t\t\t<div class=\"elementor-widget-container\">\n\t\t\t\t\t\t\t\t\tL\u2019atto d\u2019indirizzo del Dirigente scolastico \u00e8 un documento introdotto dalla Legge 107\/2015, art. 1 comma 14, con il quale vengono fornite le indicazioni generali per la predisposizione del Piano Triennale per l\u2019Offerta Formativa.\t\t\t\t\t\t\t\t<\/div>\n\t\t\t\t<\/div>\n\t\t\t\t<div class=\"elementor-element elementor-element-c1d743e elementor-position-inline-start elementor-view-default elementor-mobile-position-block-start elementor-widget elementor-widget-icon-box\" data-id=\"c1d743e\" data-element_type=\"widget\" data-e-type=\"widget\" data-widget_type=\"icon-box.default\">\n\t\t\t\t<div class=\"elementor-widget-container\">\n\t\t\t\t\t\t\t<div class=\"elementor-icon-box-wrapper\">\n\n\t\t\t\t\t\t<div class=\"elementor-icon-box-icon\">\n\t\t\t\t<a href=\"https:\/\/www.icpaglieta.edu.it\/site\/wp-content\/uploads\/2026\/01\/FIRMATO_Atto_di_indirizzo_I.C._Paglieta-2025.pdf\" target=\"_blank\" class=\"elementor-icon\" tabindex=\"-1\" aria-label=\"Atto d&#039;indirizzo ottobre 2025 - per l\u2019aggiornamento annuale del PTOF relativo all\u2019a.s. 2025-2026.\">\n\t\t\t\t<svg aria-hidden=\"true\" class=\"e-font-icon-svg e-fas-file-pdf\" viewBox=\"0 0 384 512\" xmlns=\"http:\/\/www.w3.org\/2000\/svg\"><path d=\"M181.9 256.1c-5-16-4.9-46.9-2-46.9 8.4 0 7.6 36.9 2 46.9zm-1.7 47.2c-7.7 20.2-17.3 43.3-28.4 62.7 18.3-7 39-17.2 62.9-21.9-12.7-9.6-24.9-23.4-34.5-40.8zM86.1 428.1c0 .8 13.2-5.4 34.9-40.2-6.7 6.3-29.1 24.5-34.9 40.2zM248 160h136v328c0 13.3-10.7 24-24 24H24c-13.3 0-24-10.7-24-24V24C0 10.7 10.7 0 24 0h200v136c0 13.2 10.8 24 24 24zm-8 171.8c-20-12.2-33.3-29-42.7-53.8 4.5-18.5 11.6-46.6 6.2-64.2-4.7-29.4-42.4-26.5-47.8-6.8-5 18.3-.4 44.1 8.1 77-11.6 27.6-28.7 64.6-40.8 85.8-.1 0-.1.1-.2.1-27.1 13.9-73.6 44.5-54.5 68 5.6 6.9 16 10 21.5 10 17.9 0 35.7-18 61.1-61.8 25.8-8.5 54.1-19.1 79-23.2 21.7 11.8 47.1 19.5 64 19.5 29.2 0 31.2-32 19.7-43.4-13.9-13.6-54.3-9.7-73.6-7.2zM377 105L279 7c-4.5-4.5-10.6-7-17-7h-6v128h128v-6.1c0-6.3-2.5-12.4-7-16.9zm-74.1 255.3c4.1-2.7-2.5-11.9-42.8-9 37.1 15.8 42.8 9 42.8 9z\"><\/path><\/svg>\t\t\t\t<\/a>\n\t\t\t<\/div>\n\t\t\t\n\t\t\t\t\t\t<div class=\"elementor-icon-box-content\">\n\n\t\t\t\t\t\t\t\t\t<h3 class=\"elementor-icon-box-title\">\n\t\t\t\t\t\t<a href=\"https:\/\/www.icpaglieta.edu.it\/site\/wp-content\/uploads\/2026\/01\/FIRMATO_Atto_di_indirizzo_I.C._Paglieta-2025.pdf\" target=\"_blank\" >\n\t\t\t\t\t\t\tAtto d'indirizzo ottobre 2025 - per l\u2019aggiornamento annuale del PTOF relativo all\u2019a.s. 2025-2026.\t\t\t\t\t\t<\/a>\n\t\t\t\t\t<\/h3>\n\t\t\t\t\n\t\t\t\t\n\t\t\t<\/div>\n\t\t\t\n\t\t<\/div>\n\t\t\t\t\t\t<\/div>\n\t\t\t\t<\/div>\n\t\t\t\t<div class=\"elementor-element elementor-element-6760610 elementor-widget-divider--view-line elementor-widget elementor-widget-divider\" data-id=\"6760610\" data-element_type=\"widget\" data-e-type=\"widget\" data-widget_type=\"divider.default\">\n\t\t\t\t<div class=\"elementor-widget-container\">\n\t\t\t\t\t\t\t<div class=\"elementor-divider\">\n\t\t\t<span class=\"elementor-divider-separator\">\n\t\t\t\t\t\t<\/span>\n\t\t<\/div>\n\t\t\t\t\t\t<\/div>\n\t\t\t\t<\/div>\n\t\t\t\t<div class=\"elementor-element elementor-element-27cec41 elementor-widget elementor-widget-heading\" data-id=\"27cec41\" data-element_type=\"widget\" data-e-type=\"widget\" id=\"annuale\" data-widget_type=\"heading.default\">\n\t\t\t\t<div class=\"elementor-widget-container\">\n\t\t\t\t\t<h2 class=\"elementor-heading-title elementor-size-default\">Piano annuale delle attivit\u00e0<\/h2>\t\t\t\t<\/div>\n\t\t\t\t<\/div>\n\t\t\t\t<div class=\"elementor-element elementor-element-501b994 elementor-widget elementor-widget-text-editor\" data-id=\"501b994\" data-element_type=\"widget\" data-e-type=\"widget\" data-widget_type=\"text-editor.default\">\n\t\t\t\t<div class=\"elementor-widget-container\">\n\t\t\t\t\t\t\t\t\t<p>Il Piano annuale delle attivit\u00e0 viene predisposto dal Dirigente Scolastico, in collaborazione col Direttore dei Servizi generali e amministrativi, all\u2019inizio dell\u2019anno scolastico e viene deliberato dal Consiglio di Istituto, nel quadro della programmazione dell\u2019attivit\u00e0 educativa e dell\u2019organizzazione di tutto l\u2019Istituto. Contiene le attivit\u00e0 e gli impegni di lavoro del personale.<\/p><p>Il Piano annuale delle attivit\u00e0 \u00e8 composto da due parti:<\/p><ul><li>piano del personale docente<\/li><li>piano del personale ATA<\/li><\/ul>\t\t\t\t\t\t\t\t<\/div>\n\t\t\t\t<\/div>\n\t\t\t\t<div class=\"elementor-element elementor-element-e89a5b5 elementor-position-inline-start elementor-view-default elementor-mobile-position-block-start elementor-widget elementor-widget-icon-box\" data-id=\"e89a5b5\" data-element_type=\"widget\" data-e-type=\"widget\" data-widget_type=\"icon-box.default\">\n\t\t\t\t<div class=\"elementor-widget-container\">\n\t\t\t\t\t\t\t<div class=\"elementor-icon-box-wrapper\">\n\n\t\t\t\t\t\t<div class=\"elementor-icon-box-icon\">\n\t\t\t\t<a href=\"https:\/\/www.icpaglieta.edu.it\/site\/wp-content\/uploads\/2025\/12\/FIRMATO_PIANO_delle_ATTIVITa_INFANZIA_2025-2026-2.pdf\" target=\"_blank\" class=\"elementor-icon\" tabindex=\"-1\" aria-label=\"Piano annuale attivit\u00e0 infanzia 2025\/2026\">\n\t\t\t\t<svg aria-hidden=\"true\" class=\"e-font-icon-svg e-fas-file-pdf\" viewBox=\"0 0 384 512\" xmlns=\"http:\/\/www.w3.org\/2000\/svg\"><path d=\"M181.9 256.1c-5-16-4.9-46.9-2-46.9 8.4 0 7.6 36.9 2 46.9zm-1.7 47.2c-7.7 20.2-17.3 43.3-28.4 62.7 18.3-7 39-17.2 62.9-21.9-12.7-9.6-24.9-23.4-34.5-40.8zM86.1 428.1c0 .8 13.2-5.4 34.9-40.2-6.7 6.3-29.1 24.5-34.9 40.2zM248 160h136v328c0 13.3-10.7 24-24 24H24c-13.3 0-24-10.7-24-24V24C0 10.7 10.7 0 24 0h200v136c0 13.2 10.8 24 24 24zm-8 171.8c-20-12.2-33.3-29-42.7-53.8 4.5-18.5 11.6-46.6 6.2-64.2-4.7-29.4-42.4-26.5-47.8-6.8-5 18.3-.4 44.1 8.1 77-11.6 27.6-28.7 64.6-40.8 85.8-.1 0-.1.1-.2.1-27.1 13.9-73.6 44.5-54.5 68 5.6 6.9 16 10 21.5 10 17.9 0 35.7-18 61.1-61.8 25.8-8.5 54.1-19.1 79-23.2 21.7 11.8 47.1 19.5 64 19.5 29.2 0 31.2-32 19.7-43.4-13.9-13.6-54.3-9.7-73.6-7.2zM377 105L279 7c-4.5-4.5-10.6-7-17-7h-6v128h128v-6.1c0-6.3-2.5-12.4-7-16.9zm-74.1 255.3c4.1-2.7-2.5-11.9-42.8-9 37.1 15.8 42.8 9 42.8 9z\"><\/path><\/svg>\t\t\t\t<\/a>\n\t\t\t<\/div>\n\t\t\t\n\t\t\t\t\t\t<div class=\"elementor-icon-box-content\">\n\n\t\t\t\t\t\t\t\t\t<h3 class=\"elementor-icon-box-title\">\n\t\t\t\t\t\t<a href=\"https:\/\/www.icpaglieta.edu.it\/site\/wp-content\/uploads\/2025\/12\/FIRMATO_PIANO_delle_ATTIVITa_INFANZIA_2025-2026-2.pdf\" target=\"_blank\" >\n\t\t\t\t\t\t\tPiano annuale attivit\u00e0 infanzia 2025\/2026\t\t\t\t\t\t<\/a>\n\t\t\t\t\t<\/h3>\n\t\t\t\t\n\t\t\t\t\n\t\t\t<\/div>\n\t\t\t\n\t\t<\/div>\n\t\t\t\t\t\t<\/div>\n\t\t\t\t<\/div>\n\t\t\t\t<div class=\"elementor-element elementor-element-03122c6 elementor-position-inline-start elementor-view-default elementor-mobile-position-block-start elementor-widget elementor-widget-icon-box\" data-id=\"03122c6\" data-element_type=\"widget\" data-e-type=\"widget\" data-widget_type=\"icon-box.default\">\n\t\t\t\t<div class=\"elementor-widget-container\">\n\t\t\t\t\t\t\t<div class=\"elementor-icon-box-wrapper\">\n\n\t\t\t\t\t\t<div class=\"elementor-icon-box-icon\">\n\t\t\t\t<a href=\"https:\/\/www.icpaglieta.edu.it\/site\/wp-content\/uploads\/2025\/12\/FIRMATO_PIANO_delle_ATTIVITA__PRIMARIA_2025-2026.pdf\" target=\"_blank\" class=\"elementor-icon\" tabindex=\"-1\" aria-label=\"Piano annuale attivit\u00e0 primaria 2025\/2026\">\n\t\t\t\t<svg aria-hidden=\"true\" class=\"e-font-icon-svg e-fas-file-pdf\" viewBox=\"0 0 384 512\" xmlns=\"http:\/\/www.w3.org\/2000\/svg\"><path d=\"M181.9 256.1c-5-16-4.9-46.9-2-46.9 8.4 0 7.6 36.9 2 46.9zm-1.7 47.2c-7.7 20.2-17.3 43.3-28.4 62.7 18.3-7 39-17.2 62.9-21.9-12.7-9.6-24.9-23.4-34.5-40.8zM86.1 428.1c0 .8 13.2-5.4 34.9-40.2-6.7 6.3-29.1 24.5-34.9 40.2zM248 160h136v328c0 13.3-10.7 24-24 24H24c-13.3 0-24-10.7-24-24V24C0 10.7 10.7 0 24 0h200v136c0 13.2 10.8 24 24 24zm-8 171.8c-20-12.2-33.3-29-42.7-53.8 4.5-18.5 11.6-46.6 6.2-64.2-4.7-29.4-42.4-26.5-47.8-6.8-5 18.3-.4 44.1 8.1 77-11.6 27.6-28.7 64.6-40.8 85.8-.1 0-.1.1-.2.1-27.1 13.9-73.6 44.5-54.5 68 5.6 6.9 16 10 21.5 10 17.9 0 35.7-18 61.1-61.8 25.8-8.5 54.1-19.1 79-23.2 21.7 11.8 47.1 19.5 64 19.5 29.2 0 31.2-32 19.7-43.4-13.9-13.6-54.3-9.7-73.6-7.2zM377 105L279 7c-4.5-4.5-10.6-7-17-7h-6v128h128v-6.1c0-6.3-2.5-12.4-7-16.9zm-74.1 255.3c4.1-2.7-2.5-11.9-42.8-9 37.1 15.8 42.8 9 42.8 9z\"><\/path><\/svg>\t\t\t\t<\/a>\n\t\t\t<\/div>\n\t\t\t\n\t\t\t\t\t\t<div class=\"elementor-icon-box-content\">\n\n\t\t\t\t\t\t\t\t\t<h3 class=\"elementor-icon-box-title\">\n\t\t\t\t\t\t<a href=\"https:\/\/www.icpaglieta.edu.it\/site\/wp-content\/uploads\/2025\/12\/FIRMATO_PIANO_delle_ATTIVITA__PRIMARIA_2025-2026.pdf\" target=\"_blank\" >\n\t\t\t\t\t\t\tPiano annuale attivit\u00e0 primaria 2025\/2026\t\t\t\t\t\t<\/a>\n\t\t\t\t\t<\/h3>\n\t\t\t\t\n\t\t\t\t\n\t\t\t<\/div>\n\t\t\t\n\t\t<\/div>\n\t\t\t\t\t\t<\/div>\n\t\t\t\t<\/div>\n\t\t\t\t<div class=\"elementor-element elementor-element-e010418 elementor-position-inline-start elementor-view-default elementor-mobile-position-block-start elementor-widget elementor-widget-icon-box\" data-id=\"e010418\" data-element_type=\"widget\" data-e-type=\"widget\" data-widget_type=\"icon-box.default\">\n\t\t\t\t<div class=\"elementor-widget-container\">\n\t\t\t\t\t\t\t<div class=\"elementor-icon-box-wrapper\">\n\n\t\t\t\t\t\t<div class=\"elementor-icon-box-icon\">\n\t\t\t\t<a href=\"https:\/\/www.icpaglieta.edu.it\/site\/wp-content\/uploads\/2025\/12\/FIRMATO_PIANO_delle_ATTIVITa_SECONDARIA_2025-2026.pdf\" target=\"_blank\" class=\"elementor-icon\" tabindex=\"-1\" aria-label=\"Piano annuale attivit\u00e0 secondaria di I grado 2025\/2026\">\n\t\t\t\t<svg aria-hidden=\"true\" class=\"e-font-icon-svg e-fas-file-pdf\" viewBox=\"0 0 384 512\" xmlns=\"http:\/\/www.w3.org\/2000\/svg\"><path d=\"M181.9 256.1c-5-16-4.9-46.9-2-46.9 8.4 0 7.6 36.9 2 46.9zm-1.7 47.2c-7.7 20.2-17.3 43.3-28.4 62.7 18.3-7 39-17.2 62.9-21.9-12.7-9.6-24.9-23.4-34.5-40.8zM86.1 428.1c0 .8 13.2-5.4 34.9-40.2-6.7 6.3-29.1 24.5-34.9 40.2zM248 160h136v328c0 13.3-10.7 24-24 24H24c-13.3 0-24-10.7-24-24V24C0 10.7 10.7 0 24 0h200v136c0 13.2 10.8 24 24 24zm-8 171.8c-20-12.2-33.3-29-42.7-53.8 4.5-18.5 11.6-46.6 6.2-64.2-4.7-29.4-42.4-26.5-47.8-6.8-5 18.3-.4 44.1 8.1 77-11.6 27.6-28.7 64.6-40.8 85.8-.1 0-.1.1-.2.1-27.1 13.9-73.6 44.5-54.5 68 5.6 6.9 16 10 21.5 10 17.9 0 35.7-18 61.1-61.8 25.8-8.5 54.1-19.1 79-23.2 21.7 11.8 47.1 19.5 64 19.5 29.2 0 31.2-32 19.7-43.4-13.9-13.6-54.3-9.7-73.6-7.2zM377 105L279 7c-4.5-4.5-10.6-7-17-7h-6v128h128v-6.1c0-6.3-2.5-12.4-7-16.9zm-74.1 255.3c4.1-2.7-2.5-11.9-42.8-9 37.1 15.8 42.8 9 42.8 9z\"><\/path><\/svg>\t\t\t\t<\/a>\n\t\t\t<\/div>\n\t\t\t\n\t\t\t\t\t\t<div class=\"elementor-icon-box-content\">\n\n\t\t\t\t\t\t\t\t\t<h3 class=\"elementor-icon-box-title\">\n\t\t\t\t\t\t<a href=\"https:\/\/www.icpaglieta.edu.it\/site\/wp-content\/uploads\/2025\/12\/FIRMATO_PIANO_delle_ATTIVITa_SECONDARIA_2025-2026.pdf\" target=\"_blank\" >\n\t\t\t\t\t\t\tPiano annuale attivit\u00e0 secondaria di I grado 2025\/2026\t\t\t\t\t\t<\/a>\n\t\t\t\t\t<\/h3>\n\t\t\t\t\n\t\t\t\t\n\t\t\t<\/div>\n\t\t\t\n\t\t<\/div>\n\t\t\t\t\t\t<\/div>\n\t\t\t\t<\/div>\n\t\t\t\t<div class=\"elementor-element elementor-element-7bccca5 elementor-position-inline-start elementor-view-default elementor-mobile-position-block-start elementor-widget elementor-widget-icon-box\" data-id=\"7bccca5\" data-element_type=\"widget\" data-e-type=\"widget\" data-widget_type=\"icon-box.default\">\n\t\t\t\t<div class=\"elementor-widget-container\">\n\t\t\t\t\t\t\t<div class=\"elementor-icon-box-wrapper\">\n\n\t\t\t\t\t\t<div class=\"elementor-icon-box-icon\">\n\t\t\t\t<a href=\"https:\/\/www.icpaglieta.edu.it\/site\/wp-content\/uploads\/2026\/01\/FIRMATO_piano_attivita_ATA_2025_2026-2.pdf\" target=\"_blank\" class=\"elementor-icon\" tabindex=\"-1\" aria-label=\"Piano delle Attivit\u00e0 del Personale ATA 2025\/2026\">\n\t\t\t\t<svg aria-hidden=\"true\" class=\"e-font-icon-svg e-fas-file-pdf\" viewBox=\"0 0 384 512\" xmlns=\"http:\/\/www.w3.org\/2000\/svg\"><path d=\"M181.9 256.1c-5-16-4.9-46.9-2-46.9 8.4 0 7.6 36.9 2 46.9zm-1.7 47.2c-7.7 20.2-17.3 43.3-28.4 62.7 18.3-7 39-17.2 62.9-21.9-12.7-9.6-24.9-23.4-34.5-40.8zM86.1 428.1c0 .8 13.2-5.4 34.9-40.2-6.7 6.3-29.1 24.5-34.9 40.2zM248 160h136v328c0 13.3-10.7 24-24 24H24c-13.3 0-24-10.7-24-24V24C0 10.7 10.7 0 24 0h200v136c0 13.2 10.8 24 24 24zm-8 171.8c-20-12.2-33.3-29-42.7-53.8 4.5-18.5 11.6-46.6 6.2-64.2-4.7-29.4-42.4-26.5-47.8-6.8-5 18.3-.4 44.1 8.1 77-11.6 27.6-28.7 64.6-40.8 85.8-.1 0-.1.1-.2.1-27.1 13.9-73.6 44.5-54.5 68 5.6 6.9 16 10 21.5 10 17.9 0 35.7-18 61.1-61.8 25.8-8.5 54.1-19.1 79-23.2 21.7 11.8 47.1 19.5 64 19.5 29.2 0 31.2-32 19.7-43.4-13.9-13.6-54.3-9.7-73.6-7.2zM377 105L279 7c-4.5-4.5-10.6-7-17-7h-6v128h128v-6.1c0-6.3-2.5-12.4-7-16.9zm-74.1 255.3c4.1-2.7-2.5-11.9-42.8-9 37.1 15.8 42.8 9 42.8 9z\"><\/path><\/svg>\t\t\t\t<\/a>\n\t\t\t<\/div>\n\t\t\t\n\t\t\t\t\t\t<div class=\"elementor-icon-box-content\">\n\n\t\t\t\t\t\t\t\t\t<h3 class=\"elementor-icon-box-title\">\n\t\t\t\t\t\t<a href=\"https:\/\/www.icpaglieta.edu.it\/site\/wp-content\/uploads\/2026\/01\/FIRMATO_piano_attivita_ATA_2025_2026-2.pdf\" target=\"_blank\" >\n\t\t\t\t\t\t\tPiano delle Attivit\u00e0 del Personale ATA 2025\/2026\t\t\t\t\t\t<\/a>\n\t\t\t\t\t<\/h3>\n\t\t\t\t\n\t\t\t\t\n\t\t\t<\/div>\n\t\t\t\n\t\t<\/div>\n\t\t\t\t\t\t<\/div>\n\t\t\t\t<\/div>\n\t\t\t\t<div class=\"elementor-element elementor-element-443a5ef elementor-widget-divider--view-line elementor-widget elementor-widget-divider\" data-id=\"443a5ef\" data-element_type=\"widget\" data-e-type=\"widget\" data-widget_type=\"divider.default\">\n\t\t\t\t<div class=\"elementor-widget-container\">\n\t\t\t\t\t\t\t<div class=\"elementor-divider\">\n\t\t\t<span class=\"elementor-divider-separator\">\n\t\t\t\t\t\t<\/span>\n\t\t<\/div>\n\t\t\t\t\t\t<\/div>\n\t\t\t\t<\/div>\n\t\t\t\t<div class=\"elementor-element elementor-element-2a30792 elementor-widget elementor-widget-heading\" data-id=\"2a30792\" data-element_type=\"widget\" data-e-type=\"widget\" id=\"bes\" data-widget_type=\"heading.default\">\n\t\t\t\t<div class=\"elementor-widget-container\">\n\t\t\t\t\t<h2 class=\"elementor-heading-title elementor-size-default\">Bisogni educativi speciali (BES)<\/h2>\t\t\t\t<\/div>\n\t\t\t\t<\/div>\n\t\t\t\t<div class=\"elementor-element elementor-element-5de257c elementor-widget elementor-widget-text-editor\" data-id=\"5de257c\" data-element_type=\"widget\" data-e-type=\"widget\" data-widget_type=\"text-editor.default\">\n\t\t\t\t<div class=\"elementor-widget-container\">\n\t\t\t\t\t\t\t\t\t<p>Con la sigla BES si fa riferimento ai Bisogni Educativi Speciali portati da tutti quegli alunni che presentano difficolt\u00e0 richiedenti interventi individualizzati non obbligatoriamente supportati da una diagnosi medica e\/o psicologica, ma comunque riferiti a situazioni di difficolt\u00e0 tali da far prefigurare un intervento mirato e personalizzato. Il panorama dei bisogni \u00e8 molto ampio, non si riferisce solo a cause specifiche, la loro natura non \u00e8 stabile nel tempo poich\u00e9 possono venire meno o essere superati. Si pu\u00f2 trattare di svantaggio sociale e culturale, di disturbi specifici di apprendimento e\/o di disturbi evolutivi specifici, di difficolt\u00e0 derivanti dalla non conoscenza della cultura e della lingua italiana in bambini appartenenti a culture diverse. Le linee di intervento vengono declinate in ordine alle diverse tipologie. Gli alunni che mostrano di avere Bisogni Educativi Speciali sono quantificati intorno al 10\u201015% del totale, mentre quelli in possesso di una certificazione, individuati storicamente come diversamente abili, da una tradizione pedagogica che ci ha caratterizzato nel mondo, il 2\u20103%. L\u2019insieme dei provvedimenti adottati chiarisce come la presa in carico dei BES debba essere al centro dell\u2019attenzione e dello sforzo congiunto della scuola e della famiglia.<\/p>\t\t\t\t\t\t\t\t<\/div>\n\t\t\t\t<\/div>\n\t\t\t\t<div class=\"elementor-element elementor-element-88c2850 elementor-position-inline-start elementor-view-default elementor-mobile-position-block-start elementor-widget elementor-widget-icon-box\" data-id=\"88c2850\" data-element_type=\"widget\" data-e-type=\"widget\" data-widget_type=\"icon-box.default\">\n\t\t\t\t<div class=\"elementor-widget-container\">\n\t\t\t\t\t\t\t<div class=\"elementor-icon-box-wrapper\">\n\n\t\t\t\t\t\t<div class=\"elementor-icon-box-icon\">\n\t\t\t\t<a href=\"https:\/\/siteunidos.eu\/icpaglieta\/wp-content\/uploads\/2023\/12\/Protocollo-accoglienza-alunni-BES-21-22.pdf\" target=\"_blank\" class=\"elementor-icon\" tabindex=\"-1\" aria-label=\"Protocollo accoglienza BES\">\n\t\t\t\t<svg aria-hidden=\"true\" class=\"e-font-icon-svg e-fas-file-pdf\" viewBox=\"0 0 384 512\" xmlns=\"http:\/\/www.w3.org\/2000\/svg\"><path d=\"M181.9 256.1c-5-16-4.9-46.9-2-46.9 8.4 0 7.6 36.9 2 46.9zm-1.7 47.2c-7.7 20.2-17.3 43.3-28.4 62.7 18.3-7 39-17.2 62.9-21.9-12.7-9.6-24.9-23.4-34.5-40.8zM86.1 428.1c0 .8 13.2-5.4 34.9-40.2-6.7 6.3-29.1 24.5-34.9 40.2zM248 160h136v328c0 13.3-10.7 24-24 24H24c-13.3 0-24-10.7-24-24V24C0 10.7 10.7 0 24 0h200v136c0 13.2 10.8 24 24 24zm-8 171.8c-20-12.2-33.3-29-42.7-53.8 4.5-18.5 11.6-46.6 6.2-64.2-4.7-29.4-42.4-26.5-47.8-6.8-5 18.3-.4 44.1 8.1 77-11.6 27.6-28.7 64.6-40.8 85.8-.1 0-.1.1-.2.1-27.1 13.9-73.6 44.5-54.5 68 5.6 6.9 16 10 21.5 10 17.9 0 35.7-18 61.1-61.8 25.8-8.5 54.1-19.1 79-23.2 21.7 11.8 47.1 19.5 64 19.5 29.2 0 31.2-32 19.7-43.4-13.9-13.6-54.3-9.7-73.6-7.2zM377 105L279 7c-4.5-4.5-10.6-7-17-7h-6v128h128v-6.1c0-6.3-2.5-12.4-7-16.9zm-74.1 255.3c4.1-2.7-2.5-11.9-42.8-9 37.1 15.8 42.8 9 42.8 9z\"><\/path><\/svg>\t\t\t\t<\/a>\n\t\t\t<\/div>\n\t\t\t\n\t\t\t\t\t\t<div class=\"elementor-icon-box-content\">\n\n\t\t\t\t\t\t\t\t\t<h3 class=\"elementor-icon-box-title\">\n\t\t\t\t\t\t<a href=\"https:\/\/siteunidos.eu\/icpaglieta\/wp-content\/uploads\/2023\/12\/Protocollo-accoglienza-alunni-BES-21-22.pdf\" target=\"_blank\" >\n\t\t\t\t\t\t\tProtocollo accoglienza BES\t\t\t\t\t\t<\/a>\n\t\t\t\t\t<\/h3>\n\t\t\t\t\n\t\t\t\t\n\t\t\t<\/div>\n\t\t\t\n\t\t<\/div>\n\t\t\t\t\t\t<\/div>\n\t\t\t\t<\/div>\n\t\t\t\t<\/div>\n\t\t\t\t\t<\/div>\n\t\t\t\t<\/div>\n\t\t\t\t<\/div>\n\t\t","protected":false},"excerpt":{"rendered":"<p>Offerta formativa Piano Triennale Offerta Formativa Atto di indirizzo Piano annuale delle attivit\u00e0 Bisogni educativi speciali (BES) Piano Triennale Offerta Formativa Il Piano Triennale dell\u2019Offerta Formativa (P.T.O.F.) \u00e8 il documento programmatico e informativo pi\u00f9 importante di un istituto. Esso esplicita l\u2019intenzionalit\u00e0 educativa e formativa dell\u2019Istituto, attraverso le risorse (umane, professionali, territoriali, tecnologiche ed economiche) che ha a disposizione, valorizzandole al meglio per conseguire una proficua sinergia con utenti e territorio. La Legge 107\/2015 di Riforma del sistema nazionale di istruzione e formazione ha ridefinito la durata e le modalit\u00e0 di stesura e approvazione del Piano, che \u00e8 elaborato dal Collegio dei Docenti sulla base degli indirizzi per le attivit\u00e0 della scuola e delle scelte di gestione e di amministrazione definiti dal Dirigente Scolastico (Linee di Indirizzo) e successivamente approvato dal Consiglio d\u2019Istituto. Il PTOF risulta quindi essere un documento articolato con una funzione anche organizzativa ed amministrativa, che va oltre la tradizionale informazione sull\u2019identit\u00e0 culturale e progettuale della scuola. La sua stesura parte \u00e8 il risultato di un processo che parte dall\u2019analisi dei dati del RAV (Rapporto di autovalutazione di Istituto) e dalla conseguente individuazione dei punti di forza e di debolezza della scuola, definendo successivamente gli obiettivi prioritari dell\u2019Istituto. A valle di questo processo si delinea quindi un percorso progettuale su base triennale del curricolo, dei progetti didattici, dell\u2019offerta extracurricolare, definendo anche i rapporti con altri Enti ed Istituzioni del territorio che possano concorrere allo sviluppo del piano, oltre alle modalit\u00e0 organizzative pi\u00f9 idonee e alla richiesta dei docenti necessari al pieno raggiungimento degli obiettivi in base alla normativa sull\u2019organico funzionale. PTOF 2025-2028 Rendicontazione Sociale RAV Atto di indirizzo L\u2019atto d\u2019indirizzo del Dirigente scolastico \u00e8 un documento introdotto dalla Legge 107\/2015, art. 1 comma 14, con il quale vengono fornite le indicazioni generali per la predisposizione del Piano Triennale per l\u2019Offerta Formativa. Atto d&#8217;indirizzo ottobre 2025 &#8211; per l\u2019aggiornamento annuale del PTOF relativo all\u2019a.s. 2025-2026. Piano annuale delle attivit\u00e0 Il Piano annuale delle attivit\u00e0 viene predisposto dal Dirigente Scolastico, in collaborazione col Direttore dei Servizi generali e amministrativi, all\u2019inizio dell\u2019anno scolastico e viene deliberato dal Consiglio di Istituto, nel quadro della programmazione dell\u2019attivit\u00e0 educativa e dell\u2019organizzazione di tutto l\u2019Istituto. Contiene le attivit\u00e0 e gli impegni di lavoro del personale. Il Piano annuale delle attivit\u00e0 \u00e8 composto da due parti: piano del personale docente piano del personale ATA Piano annuale attivit\u00e0 infanzia 2025\/2026 Piano annuale attivit\u00e0 primaria 2025\/2026 Piano annuale attivit\u00e0 secondaria di I grado 2025\/2026 Piano delle Attivit\u00e0 del Personale ATA 2025\/2026 Bisogni educativi speciali (BES) Con la sigla BES si fa riferimento ai Bisogni Educativi Speciali portati da tutti quegli alunni che presentano difficolt\u00e0 richiedenti interventi individualizzati non obbligatoriamente supportati da una diagnosi medica e\/o psicologica, ma comunque riferiti a situazioni di difficolt\u00e0 tali da far prefigurare un intervento mirato e personalizzato. Il panorama dei bisogni \u00e8 molto ampio, non si riferisce solo a cause specifiche, la loro natura non \u00e8 stabile nel tempo poich\u00e9 possono venire meno o essere superati. Si pu\u00f2 trattare di svantaggio sociale e culturale, di disturbi specifici di apprendimento e\/o di disturbi evolutivi specifici, di difficolt\u00e0 derivanti dalla non conoscenza della cultura e della lingua italiana in bambini appartenenti a culture diverse. Le linee di intervento vengono declinate in ordine alle diverse tipologie. Gli alunni che mostrano di avere Bisogni Educativi Speciali sono quantificati intorno al 10\u201015% del totale, mentre quelli in possesso di una certificazione, individuati storicamente come diversamente abili, da una tradizione pedagogica che ci ha caratterizzato nel mondo, il 2\u20103%. L\u2019insieme dei provvedimenti adottati chiarisce come la presa in carico dei BES debba essere al centro dell\u2019attenzione e dello sforzo congiunto della scuola e della famiglia. Protocollo accoglienza BES<\/p>\n","protected":false},"author":1,"featured_media":0,"parent":172,"menu_order":0,"comment_status":"closed","ping_status":"closed","template":"","meta":{"footnotes":""},"class_list":["post-176","page","type-page","status-publish","hentry"],"yoast_head":"<!-- This site is optimized with the Yoast SEO plugin v27.5 - https:\/\/yoast.com\/product\/yoast-seo-wordpress\/ -->\n<title>Offerta formativa - Istituto Comprensivo Paglieta<\/title>\n<meta name=\"robots\" content=\"index, follow, max-snippet:-1, max-image-preview:large, max-video-preview:-1\" \/>\n<link rel=\"canonical\" href=\"https:\/\/www.icpaglieta.edu.it\/site\/didattica\/offerta-formativa\/\" \/>\n<meta property=\"og:locale\" content=\"it_IT\" \/>\n<meta property=\"og:type\" content=\"article\" \/>\n<meta property=\"og:title\" content=\"Offerta formativa - Istituto Comprensivo Paglieta\" \/>\n<meta property=\"og:description\" content=\"Offerta formativa Piano Triennale Offerta Formativa Atto di indirizzo Piano annuale delle attivit\u00e0 Bisogni educativi speciali (BES) Piano Triennale Offerta Formativa Il Piano Triennale dell\u2019Offerta Formativa (P.T.O.F.) \u00e8 il documento programmatico e informativo pi\u00f9 importante di un istituto. Esso esplicita l\u2019intenzionalit\u00e0 educativa e formativa dell\u2019Istituto, attraverso le risorse (umane, professionali, territoriali, tecnologiche ed economiche) che ha a disposizione, valorizzandole al meglio per conseguire una proficua sinergia con utenti e territorio. La Legge 107\/2015 di Riforma del sistema nazionale di istruzione e formazione ha ridefinito la durata e le modalit\u00e0 di stesura e approvazione del Piano, che \u00e8 elaborato dal Collegio dei Docenti sulla base degli indirizzi per le attivit\u00e0 della scuola e delle scelte di gestione e di amministrazione definiti dal Dirigente Scolastico (Linee di Indirizzo) e successivamente approvato dal Consiglio d\u2019Istituto. Il PTOF risulta quindi essere un documento articolato con una funzione anche organizzativa ed amministrativa, che va oltre la tradizionale informazione sull\u2019identit\u00e0 culturale e progettuale della scuola. La sua stesura parte \u00e8 il risultato di un processo che parte dall\u2019analisi dei dati del RAV (Rapporto di autovalutazione di Istituto) e dalla conseguente individuazione dei punti di forza e di debolezza della scuola, definendo successivamente gli obiettivi prioritari dell\u2019Istituto. A valle di questo processo si delinea quindi un percorso progettuale su base triennale del curricolo, dei progetti didattici, dell\u2019offerta extracurricolare, definendo anche i rapporti con altri Enti ed Istituzioni del territorio che possano concorrere allo sviluppo del piano, oltre alle modalit\u00e0 organizzative pi\u00f9 idonee e alla richiesta dei docenti necessari al pieno raggiungimento degli obiettivi in base alla normativa sull\u2019organico funzionale. PTOF 2025-2028 Rendicontazione Sociale RAV Atto di indirizzo L\u2019atto d\u2019indirizzo del Dirigente scolastico \u00e8 un documento introdotto dalla Legge 107\/2015, art. 1 comma 14, con il quale vengono fornite le indicazioni generali per la predisposizione del Piano Triennale per l\u2019Offerta Formativa. Atto d&#8217;indirizzo ottobre 2025 &#8211; per l\u2019aggiornamento annuale del PTOF relativo all\u2019a.s. 2025-2026. Piano annuale delle attivit\u00e0 Il Piano annuale delle attivit\u00e0 viene predisposto dal Dirigente Scolastico, in collaborazione col Direttore dei Servizi generali e amministrativi, all\u2019inizio dell\u2019anno scolastico e viene deliberato dal Consiglio di Istituto, nel quadro della programmazione dell\u2019attivit\u00e0 educativa e dell\u2019organizzazione di tutto l\u2019Istituto. Contiene le attivit\u00e0 e gli impegni di lavoro del personale. Il Piano annuale delle attivit\u00e0 \u00e8 composto da due parti: piano del personale docente piano del personale ATA Piano annuale attivit\u00e0 infanzia 2025\/2026 Piano annuale attivit\u00e0 primaria 2025\/2026 Piano annuale attivit\u00e0 secondaria di I grado 2025\/2026 Piano delle Attivit\u00e0 del Personale ATA 2025\/2026 Bisogni educativi speciali (BES) Con la sigla BES si fa riferimento ai Bisogni Educativi Speciali portati da tutti quegli alunni che presentano difficolt\u00e0 richiedenti interventi individualizzati non obbligatoriamente supportati da una diagnosi medica e\/o psicologica, ma comunque riferiti a situazioni di difficolt\u00e0 tali da far prefigurare un intervento mirato e personalizzato. Il panorama dei bisogni \u00e8 molto ampio, non si riferisce solo a cause specifiche, la loro natura non \u00e8 stabile nel tempo poich\u00e9 possono venire meno o essere superati. Si pu\u00f2 trattare di svantaggio sociale e culturale, di disturbi specifici di apprendimento e\/o di disturbi evolutivi specifici, di difficolt\u00e0 derivanti dalla non conoscenza della cultura e della lingua italiana in bambini appartenenti a culture diverse. Le linee di intervento vengono declinate in ordine alle diverse tipologie. Gli alunni che mostrano di avere Bisogni Educativi Speciali sono quantificati intorno al 10\u201015% del totale, mentre quelli in possesso di una certificazione, individuati storicamente come diversamente abili, da una tradizione pedagogica che ci ha caratterizzato nel mondo, il 2\u20103%. L\u2019insieme dei provvedimenti adottati chiarisce come la presa in carico dei BES debba essere al centro dell\u2019attenzione e dello sforzo congiunto della scuola e della famiglia. Protocollo accoglienza BES\" \/>\n<meta property=\"og:url\" content=\"https:\/\/www.icpaglieta.edu.it\/site\/didattica\/offerta-formativa\/\" \/>\n<meta property=\"og:site_name\" content=\"Istituto Comprensivo Paglieta\" \/>\n<meta property=\"article:modified_time\" content=\"2026-01-28T12:54:12+00:00\" \/>\n<meta name=\"twitter:card\" content=\"summary_large_image\" \/>\n<meta name=\"twitter:label1\" content=\"Tempo di lettura stimato\" \/>\n\t<meta name=\"twitter:data1\" content=\"3 minuti\" \/>\n<script type=\"application\/ld+json\" class=\"yoast-schema-graph\">{\"@context\":\"https:\\\/\\\/schema.org\",\"@graph\":[{\"@type\":\"WebPage\",\"@id\":\"https:\\\/\\\/www.icpaglieta.edu.it\\\/site\\\/didattica\\\/offerta-formativa\\\/\",\"url\":\"https:\\\/\\\/www.icpaglieta.edu.it\\\/site\\\/didattica\\\/offerta-formativa\\\/\",\"name\":\"Offerta formativa - Istituto Comprensivo Paglieta\",\"isPartOf\":{\"@id\":\"https:\\\/\\\/www.icpaglieta.edu.it\\\/site\\\/#website\"},\"datePublished\":\"2023-12-15T10:45:23+00:00\",\"dateModified\":\"2026-01-28T12:54:12+00:00\",\"breadcrumb\":{\"@id\":\"https:\\\/\\\/www.icpaglieta.edu.it\\\/site\\\/didattica\\\/offerta-formativa\\\/#breadcrumb\"},\"inLanguage\":\"it-IT\",\"potentialAction\":[{\"@type\":\"ReadAction\",\"target\":[\"https:\\\/\\\/www.icpaglieta.edu.it\\\/site\\\/didattica\\\/offerta-formativa\\\/\"]}]},{\"@type\":\"BreadcrumbList\",\"@id\":\"https:\\\/\\\/www.icpaglieta.edu.it\\\/site\\\/didattica\\\/offerta-formativa\\\/#breadcrumb\",\"itemListElement\":[{\"@type\":\"ListItem\",\"position\":1,\"name\":\"Home\",\"item\":\"https:\\\/\\\/www.icpaglieta.edu.it\\\/site\\\/\"},{\"@type\":\"ListItem\",\"position\":2,\"name\":\"Didattica\",\"item\":\"https:\\\/\\\/www.icpaglieta.edu.it\\\/site\\\/didattica\\\/\"},{\"@type\":\"ListItem\",\"position\":3,\"name\":\"Offerta formativa\"}]},{\"@type\":\"WebSite\",\"@id\":\"https:\\\/\\\/www.icpaglieta.edu.it\\\/site\\\/#website\",\"url\":\"https:\\\/\\\/www.icpaglieta.edu.it\\\/site\\\/\",\"name\":\"Istituto Comprensivo Paglieta\",\"description\":\"Istituto Comprensivo Paglieta\",\"potentialAction\":[{\"@type\":\"SearchAction\",\"target\":{\"@type\":\"EntryPoint\",\"urlTemplate\":\"https:\\\/\\\/www.icpaglieta.edu.it\\\/site\\\/?s={search_term_string}\"},\"query-input\":{\"@type\":\"PropertyValueSpecification\",\"valueRequired\":true,\"valueName\":\"search_term_string\"}}],\"inLanguage\":\"it-IT\"}]}<\/script>\n<!-- \/ Yoast SEO plugin. -->","yoast_head_json":{"title":"Offerta formativa - Istituto Comprensivo Paglieta","robots":{"index":"index","follow":"follow","max-snippet":"max-snippet:-1","max-image-preview":"max-image-preview:large","max-video-preview":"max-video-preview:-1"},"canonical":"https:\/\/www.icpaglieta.edu.it\/site\/didattica\/offerta-formativa\/","og_locale":"it_IT","og_type":"article","og_title":"Offerta formativa - Istituto Comprensivo Paglieta","og_description":"Offerta formativa Piano Triennale Offerta Formativa Atto di indirizzo Piano annuale delle attivit\u00e0 Bisogni educativi speciali (BES) Piano Triennale Offerta Formativa Il Piano Triennale dell\u2019Offerta Formativa (P.T.O.F.) \u00e8 il documento programmatico e informativo pi\u00f9 importante di un istituto. Esso esplicita l\u2019intenzionalit\u00e0 educativa e formativa dell\u2019Istituto, attraverso le risorse (umane, professionali, territoriali, tecnologiche ed economiche) che ha a disposizione, valorizzandole al meglio per conseguire una proficua sinergia con utenti e territorio. La Legge 107\/2015 di Riforma del sistema nazionale di istruzione e formazione ha ridefinito la durata e le modalit\u00e0 di stesura e approvazione del Piano, che \u00e8 elaborato dal Collegio dei Docenti sulla base degli indirizzi per le attivit\u00e0 della scuola e delle scelte di gestione e di amministrazione definiti dal Dirigente Scolastico (Linee di Indirizzo) e successivamente approvato dal Consiglio d\u2019Istituto. Il PTOF risulta quindi essere un documento articolato con una funzione anche organizzativa ed amministrativa, che va oltre la tradizionale informazione sull\u2019identit\u00e0 culturale e progettuale della scuola. La sua stesura parte \u00e8 il risultato di un processo che parte dall\u2019analisi dei dati del RAV (Rapporto di autovalutazione di Istituto) e dalla conseguente individuazione dei punti di forza e di debolezza della scuola, definendo successivamente gli obiettivi prioritari dell\u2019Istituto. A valle di questo processo si delinea quindi un percorso progettuale su base triennale del curricolo, dei progetti didattici, dell\u2019offerta extracurricolare, definendo anche i rapporti con altri Enti ed Istituzioni del territorio che possano concorrere allo sviluppo del piano, oltre alle modalit\u00e0 organizzative pi\u00f9 idonee e alla richiesta dei docenti necessari al pieno raggiungimento degli obiettivi in base alla normativa sull\u2019organico funzionale. PTOF 2025-2028 Rendicontazione Sociale RAV Atto di indirizzo L\u2019atto d\u2019indirizzo del Dirigente scolastico \u00e8 un documento introdotto dalla Legge 107\/2015, art. 1 comma 14, con il quale vengono fornite le indicazioni generali per la predisposizione del Piano Triennale per l\u2019Offerta Formativa. Atto d&#8217;indirizzo ottobre 2025 &#8211; per l\u2019aggiornamento annuale del PTOF relativo all\u2019a.s. 2025-2026. Piano annuale delle attivit\u00e0 Il Piano annuale delle attivit\u00e0 viene predisposto dal Dirigente Scolastico, in collaborazione col Direttore dei Servizi generali e amministrativi, all\u2019inizio dell\u2019anno scolastico e viene deliberato dal Consiglio di Istituto, nel quadro della programmazione dell\u2019attivit\u00e0 educativa e dell\u2019organizzazione di tutto l\u2019Istituto. Contiene le attivit\u00e0 e gli impegni di lavoro del personale. Il Piano annuale delle attivit\u00e0 \u00e8 composto da due parti: piano del personale docente piano del personale ATA Piano annuale attivit\u00e0 infanzia 2025\/2026 Piano annuale attivit\u00e0 primaria 2025\/2026 Piano annuale attivit\u00e0 secondaria di I grado 2025\/2026 Piano delle Attivit\u00e0 del Personale ATA 2025\/2026 Bisogni educativi speciali (BES) Con la sigla BES si fa riferimento ai Bisogni Educativi Speciali portati da tutti quegli alunni che presentano difficolt\u00e0 richiedenti interventi individualizzati non obbligatoriamente supportati da una diagnosi medica e\/o psicologica, ma comunque riferiti a situazioni di difficolt\u00e0 tali da far prefigurare un intervento mirato e personalizzato. Il panorama dei bisogni \u00e8 molto ampio, non si riferisce solo a cause specifiche, la loro natura non \u00e8 stabile nel tempo poich\u00e9 possono venire meno o essere superati. Si pu\u00f2 trattare di svantaggio sociale e culturale, di disturbi specifici di apprendimento e\/o di disturbi evolutivi specifici, di difficolt\u00e0 derivanti dalla non conoscenza della cultura e della lingua italiana in bambini appartenenti a culture diverse. Le linee di intervento vengono declinate in ordine alle diverse tipologie. Gli alunni che mostrano di avere Bisogni Educativi Speciali sono quantificati intorno al 10\u201015% del totale, mentre quelli in possesso di una certificazione, individuati storicamente come diversamente abili, da una tradizione pedagogica che ci ha caratterizzato nel mondo, il 2\u20103%. L\u2019insieme dei provvedimenti adottati chiarisce come la presa in carico dei BES debba essere al centro dell\u2019attenzione e dello sforzo congiunto della scuola e della famiglia. Protocollo accoglienza BES","og_url":"https:\/\/www.icpaglieta.edu.it\/site\/didattica\/offerta-formativa\/","og_site_name":"Istituto Comprensivo Paglieta","article_modified_time":"2026-01-28T12:54:12+00:00","twitter_card":"summary_large_image","twitter_misc":{"Tempo di lettura stimato":"3 minuti"},"schema":{"@context":"https:\/\/schema.org","@graph":[{"@type":"WebPage","@id":"https:\/\/www.icpaglieta.edu.it\/site\/didattica\/offerta-formativa\/","url":"https:\/\/www.icpaglieta.edu.it\/site\/didattica\/offerta-formativa\/","name":"Offerta formativa - Istituto Comprensivo Paglieta","isPartOf":{"@id":"https:\/\/www.icpaglieta.edu.it\/site\/#website"},"datePublished":"2023-12-15T10:45:23+00:00","dateModified":"2026-01-28T12:54:12+00:00","breadcrumb":{"@id":"https:\/\/www.icpaglieta.edu.it\/site\/didattica\/offerta-formativa\/#breadcrumb"},"inLanguage":"it-IT","potentialAction":[{"@type":"ReadAction","target":["https:\/\/www.icpaglieta.edu.it\/site\/didattica\/offerta-formativa\/"]}]},{"@type":"BreadcrumbList","@id":"https:\/\/www.icpaglieta.edu.it\/site\/didattica\/offerta-formativa\/#breadcrumb","itemListElement":[{"@type":"ListItem","position":1,"name":"Home","item":"https:\/\/www.icpaglieta.edu.it\/site\/"},{"@type":"ListItem","position":2,"name":"Didattica","item":"https:\/\/www.icpaglieta.edu.it\/site\/didattica\/"},{"@type":"ListItem","position":3,"name":"Offerta formativa"}]},{"@type":"WebSite","@id":"https:\/\/www.icpaglieta.edu.it\/site\/#website","url":"https:\/\/www.icpaglieta.edu.it\/site\/","name":"Istituto Comprensivo Paglieta","description":"Istituto Comprensivo Paglieta","potentialAction":[{"@type":"SearchAction","target":{"@type":"EntryPoint","urlTemplate":"https:\/\/www.icpaglieta.edu.it\/site\/?s={search_term_string}"},"query-input":{"@type":"PropertyValueSpecification","valueRequired":true,"valueName":"search_term_string"}}],"inLanguage":"it-IT"}]}},"_links":{"self":[{"href":"https:\/\/www.icpaglieta.edu.it\/site\/wp-json\/wp\/v2\/pages\/176","targetHints":{"allow":["GET"]}}],"collection":[{"href":"https:\/\/www.icpaglieta.edu.it\/site\/wp-json\/wp\/v2\/pages"}],"about":[{"href":"https:\/\/www.icpaglieta.edu.it\/site\/wp-json\/wp\/v2\/types\/page"}],"author":[{"embeddable":true,"href":"https:\/\/www.icpaglieta.edu.it\/site\/wp-json\/wp\/v2\/users\/1"}],"replies":[{"embeddable":true,"href":"https:\/\/www.icpaglieta.edu.it\/site\/wp-json\/wp\/v2\/comments?post=176"}],"version-history":[{"count":30,"href":"https:\/\/www.icpaglieta.edu.it\/site\/wp-json\/wp\/v2\/pages\/176\/revisions"}],"predecessor-version":[{"id":9275,"href":"https:\/\/www.icpaglieta.edu.it\/site\/wp-json\/wp\/v2\/pages\/176\/revisions\/9275"}],"up":[{"embeddable":true,"href":"https:\/\/www.icpaglieta.edu.it\/site\/wp-json\/wp\/v2\/pages\/172"}],"wp:attachment":[{"href":"https:\/\/www.icpaglieta.edu.it\/site\/wp-json\/wp\/v2\/media?parent=176"}],"curies":[{"name":"wp","href":"https:\/\/api.w.org\/{rel}","templated":true}]}}